{"id":25,"date":"2016-04-25T09:54:54","date_gmt":"2016-04-25T09:54:54","guid":{"rendered":"http:\/\/tridermis.hu\/wordpress\/?page_id=25"},"modified":"2024-10-24T09:11:19","modified_gmt":"2024-10-24T09:11:19","slug":"szenanatha","status":"publish","type":"page","link":"https:\/\/tridermis.hu\/index.php\/szenanatha\/","title":{"rendered":"Sz\u00e9nan\u00e1tha"},"content":{"rendered":"<p style=\"text-align: justify;\"><strong>B\u0151rgy\u00f3gy\u00e1szati mag\u00e1nrendel\u00e9s\u00fcnk\u00f6n a sz\u00e9nan\u00e1tha kezel\u00e9s\u00e9re is van lehet\u0151s\u00e9g!<\/strong><\/p>\n<p style=\"text-align: justify;\">Az allergia az immunrendszer egy t\u00falzott reakci\u00f3ja olyan anyagokra, melyek norm\u00e1lis k\u00f6r\u00fclm\u00e9nyek k\u00f6z\u00f6tt semmilyen v\u00e1laszt nem v\u00e1ltanak ki a szervezet r\u00e9sz\u00e9r\u0151l. Az ilyen anyagokat allerg\u00e9neknek nevezz\u00fck, ilyenek p\u00e9ld\u00e1ul a pollen, \u00e1llati sz\u0151r\u00f6k, atka, pen\u00e9szsp\u00f3r\u00e1k, k\u00fcl\u00f6nb\u00f6z\u0151 \u00e1llatok m\u00e9rgei, mikroorganizmusok, \u00e9lelmiszerek, gy\u00f3gyszerek, vegyszerek, neh\u00e9zf\u00e9mek stb.<\/p>\n<p style=\"text-align: justify;\">A t\u00fcnetek nagym\u00e9rt\u00e9kben v\u00e1ltoznak att\u00f3l f\u00fcgg\u0151en, hogy milyen szervben t\u00f6rt\u00e9nik az allergi\u00e1s reakci\u00f3. \u00cdgy azok az allerg\u00e9nek, melyek leveg\u0151 \u00e1ltal terjednek (mint p\u00e9ld\u00e1ul a pollen vagy az atk\u00e1k) a l\u00e9gutak \u00e9s a szem szaruh\u00e1rty\u00e1j\u00e1nak a gyullad\u00e1s\u00e1t okozz\u00e1k. Ilyen a sz\u00e9nan\u00e1tha (allergi\u00e1s rinithis), mely az orrny\u00e1lkah\u00e1rtya megvastagod\u00e1s\u00e1t, orrv\u00e1lad\u00e9koz\u00e1st, t\u00fcsszent\u00e9st, a szem irrit\u00e1ci\u00f3j\u00e1t, k\u00f6nnyez\u00e9st okoz.<\/p>\n<p style=\"text-align: justify;\">A szezon\u00e1lis sz\u00e9nan\u00e1th\u00e1ban a legismertebb t\u00fcnetegy\u00fcttest (vizes orrfoly\u00e1s, orrviszket\u00e9s, t\u00fcssz\u00f6g\u00e9s, orrdugul\u00e1s) gyakran k\u00eds\u00e9rik szemt\u00fcnetek, viszket\u00e9s, k\u00f6nnyez\u00e9s, k\u00f6t\u0151h\u00e1rtya-gyullad\u00e1s, szem k\u00f6rny\u00e9ki \u00f6d\u00e9ma form\u00e1j\u00e1ban. Gyakori a sz\u00e9nan\u00e1tha t\u00e1rsul\u00e1sa m\u00e1s allergi\u00e1s k\u00f3rk\u00e9pekkel, leggyakrabban asthm\u00e1val, atopi\u00e1s b\u0151rt\u00fcnetekkel. Olykor f\u00e1radts\u00e1g, fejf\u00e1j\u00e1s, a koncentr\u00e1l\u00f3k\u00e9pess\u00e9g cs\u00f6kken\u00e9se k\u00eds\u00e9ri a t\u00fcneteket.<\/p>\n<p style=\"text-align: justify;\">A sz\u00e9nan\u00e1th\u00e1nak k\u00e9t fajt\u00e1j\u00e1t k\u00fcl\u00f6nb\u00f6ztetik meg: a szezon\u00e1lis allergi\u00e1s rhinitist, amelyn\u00e9l a t\u00fcnetek id\u0151tartama r\u00f6videbb egy h\u00f3napn\u00e1l, \u00e9s a nem szezon\u00e1lis, \u00fan. perziszt\u00e1l\u00f3 (\u00e1lland\u00f3) rhinitiszt, amelyn\u00e9l a t\u00fcnetek egy h\u00f3napn\u00e1l tov\u00e1bb is fenn\u00e1llnak. Ismert az eg\u00e9sz \u00e9vben fenn\u00e1ll\u00f3 t\u00fcnetekkel j\u00e1r\u00f3 \u00fan. perenni\u00e1lis allergi\u00e1s rhinitis is, amit atka, illetve toll vagy \u00e1llati sz\u0151r allergia okoz.<\/p>\n<p style=\"text-align: justify;\">A sz\u00e9nan\u00e1tha gyakoris\u00e1ga Eur\u00f3p\u00e1ban 5-20 sz\u00e1zal\u00e9k k\u00f6z\u00f6tti, melynek gyakoris\u00e1ga jelent\u0151sen n\u00f6vekszik. Az allergi\u00e1s rhinitis \u00e1ltal\u00e1ban iskol\u00e1s- vagy fiatal feln\u0151ttkorban kezd\u0151dik, de napjainkban egyre gyakrabban l\u00e1tjuk a t\u00edpusos t\u00fcnetek megjelen\u00e9s\u00e9t \u00f3vod\u00e1s, vagy ak\u00e1r kisdedkorban is.<\/p>\n<p style=\"text-align: justify;\">A sz\u00e9nan\u00e1th\u00e1t a jellegzetes t\u00fcnetek alapj\u00e1n k\u00f6nny\u0171 felismerni. Nagyon fontos a kiv\u00e1lt\u00f3 ok azonos\u00edt\u00e1sa: ebben egyr\u00e9szt a beteg kik\u00e9rdez\u00e9se, a sz\u00e9nan\u00e1tha szezonalit\u00e1sa, csal\u00e1di el\u0151fordul\u00e1s, egy\u00e9b allergia (gy\u00f3gyszer, \u00e9tel stb.) megl\u00e9te, h\u00e1zi\u00e1llat a lak\u00e1sban, illetve foglalkoz\u00e1shoz kapcsol\u00f3d\u00f3 k\u00f6rnyezet hat\u00e1sok (poros munkahely, stb.).<\/p>\n<p style=\"text-align: justify;\">V\u00e9rv\u00e9tellel ki lehet mutatni a t\u00fcneteket okoz\u00f3 allerg\u00e9neket, de sz\u00fcks\u00e9g eset\u00e9n allergiapr\u00f3b\u00e1t kell v\u00e9gezni az allerg\u00e9n \/ allerg\u00e9nek meghat\u00e1roz\u00e1s\u00e1hoz. Ennek sor\u00e1n kis mennyis\u00e9g\u0171 allerg\u00e9nnel vagy allerg\u00e9n-kivonattal hozzuk kontaktusba a szervezetet, \u00e1ltal\u00e1ban a b\u0151rt. \u00c9rz\u00e9keny egy\u00e9nekn\u00e9l meghat\u00e1rozott id\u0151n bel\u00fcl helyi reakci\u00f3 jelentkezik.<\/p>\n<p style=\"text-align: justify;\"><strong>A sz\u00e9nan\u00e1tha kezel\u00e9se<\/strong><\/p>\n<p style=\"text-align: justify;\">A kezel\u00e9sn\u00e9l nagyon fontos az allerg\u00e9nek \u00e9s irrit\u00e1l\u00f3 anyagok elker\u00fcl\u00e9se, antihisztamin allergia gy\u00f3gyszer szed\u00e9se. Fokozott panaszok eset\u00e9n helyi hat\u00e1s\u00fa szteroidos kezel\u00e9s javasolhat\u00f3 az orrba \u00e9s szembe.<\/p>\n<p style=\"text-align: justify;\">S\u00falyos esetben m\u00e9rlegelend\u0151 az immunter\u00e1pia, az \u00fan. hiposzenzibiliz\u00e1ci\u00f3 alkalmaz\u00e1sa is, melynek c\u00e9lja a t\u00fal\u00e9rz\u00e9kenys\u00e9g enyh\u00edt\u00e9se.<\/p>\n<p style=\"text-align: justify;\">Fontos a pollen \u00e9s az egy\u00e9b, lak\u00e1son k\u00edv\u00fcli allerg\u00e9nforr\u00e1s m\u00e9rt\u00e9k\u00e9nek cs\u00f6kkent\u00e9se. A betegnek figyelnie kell a pollenjelent\u00e9seket, a sz\u00e1m\u00e1ra vesz\u00e9lyes pollen id\u0151szak\u00e1ban a lehet\u0151 legkevesebbet tart\u00f3zkodjon a szabadban, ne menjen gyomos, er\u0151sen pollen-szennyezett helyre, mossa gyakrabban a haj\u00e1t, kez\u00e9t, arc\u00e1t, viseljen napszem\u00fcveget.<\/p>\n<p style=\"text-align: justify;\">Magas pollensz\u00e1m eset\u00e9n tan\u00e1csos csukott ablakok m\u00f6g\u00f6tt, z\u00e1rt t\u00e9rben tart\u00f3zkodni, \u00e9s l\u00e9gkondicion\u00e1l\u00f3t haszn\u00e1lni. Amennyiben lehets\u00e9ges, az allergi\u00e1s szezonra tervezze a beteg a szabads\u00e1g\u00e1t \u00e9s lehet\u0151leg t\u00f6ltse azt tengerparton vagy hegyi leveg\u0151n. Term\u00e9szetesen a pollenallergi\u00e1t\u00f3l szenved\u0151 is helyesen teszi, ha a h\u00e1zi poratka \u00e9s a pen\u00e9szgomba-forr\u00e1sokat igyekszik a lak\u00e1s\u00e1ban a lehet\u0151 legteljesebben felsz\u00e1molni.<\/p>\n","protected":false},"excerpt":{"rendered":"<p>B\u0151rgy\u00f3gy\u00e1szati mag\u00e1nrendel\u00e9s\u00fcnk\u00f6n a sz\u00e9nan\u00e1tha kezel\u00e9s\u00e9re is van lehet\u0151s\u00e9g! Az allergia az immunrendszer egy t\u00falzott reakci\u00f3ja olyan anyagokra, melyek norm\u00e1lis k\u00f6r\u00fclm\u00e9nyek k\u00f6z\u00f6tt semmilyen v\u00e1laszt nem v\u00e1ltanak ki a szervezet r\u00e9sz\u00e9r\u0151l. Az ilyen anyagokat allerg\u00e9neknek nevezz\u00fck, ilyenek p\u00e9ld\u00e1ul a pollen, \u00e1llati sz\u0151r\u00f6k, atka, pen\u00e9szsp\u00f3r\u00e1k, k\u00fcl\u00f6nb\u00f6z\u0151 \u00e1llatok m\u00e9rgei, mikroorganizmusok, \u00e9lelmiszerek, gy\u00f3gyszerek, vegyszerek, neh\u00e9zf\u00e9mek stb. A t\u00fcnetek nagym\u00e9rt\u00e9kben v\u00e1ltoznak [&hellip;]<\/p>\n","protected":false},"author":1,"featured_media":0,"parent":0,"menu_order":0,"comment_status":"closed","ping_status":"closed","template":"","meta":{"footnotes":""},"class_list":["post-25","page","type-page","status-publish","czr-hentry"],"aioseo_notices":[],"_links":{"self":[{"href":"https:\/\/tridermis.hu\/index.php\/wp-json\/wp\/v2\/pages\/25","targetHints":{"allow":["GET"]}}],"collection":[{"href":"https:\/\/tridermis.hu\/index.php\/wp-json\/wp\/v2\/pages"}],"about":[{"href":"https:\/\/tridermis.hu\/index.php\/wp-json\/wp\/v2\/types\/page"}],"author":[{"embeddable":true,"href":"https:\/\/tridermis.hu\/index.php\/wp-json\/wp\/v2\/users\/1"}],"replies":[{"embeddable":true,"href":"https:\/\/tridermis.hu\/index.php\/wp-json\/wp\/v2\/comments?post=25"}],"version-history":[{"count":2,"href":"https:\/\/tridermis.hu\/index.php\/wp-json\/wp\/v2\/pages\/25\/revisions"}],"predecessor-version":[{"id":140,"href":"https:\/\/tridermis.hu\/index.php\/wp-json\/wp\/v2\/pages\/25\/revisions\/140"}],"wp:attachment":[{"href":"https:\/\/tridermis.hu\/index.php\/wp-json\/wp\/v2\/media?parent=25"}],"curies":[{"name":"wp","href":"https:\/\/api.w.org\/{rel}","templated":true}]}}