{"id":11,"date":"2016-04-25T09:51:46","date_gmt":"2016-04-25T09:51:46","guid":{"rendered":"http:\/\/tridermis.hu\/wordpress\/?page_id=11"},"modified":"2016-04-27T13:07:52","modified_gmt":"2016-04-27T13:07:52","slug":"szemolcsok-fibromak-joindulatu-borfuggelekek-eltavolitasa","status":"publish","type":"page","link":"https:\/\/tridermis.hu\/index.php\/szemolcsok-fibromak-joindulatu-borfuggelekek-eltavolitasa\/","title":{"rendered":"Szem\u00f6lcs\u00f6k, fibr\u00f3m\u00e1k, j\u00f3indulat\u00fa b\u00f6rf\u00fcggel\u00e9kek elt\u00e1vol\u00edt\u00e1sa"},"content":{"rendered":"<p style=\"text-align: justify;\"><strong>B\u0151rgy\u00f3gy\u00e1szati mag\u00e1nrendel\u00e9s\u00fcnk\u00f6n szem\u00f6lcs\u00f6k, fibr\u00f3m\u00e1k, j\u00f3indulat\u00fa b\u0151rf\u00fcggel\u00e9kek elt\u00e1vol\u00edt\u00e1s\u00e1ra is van lehet\u0151s\u00e9g!<\/strong><\/p>\n<p style=\"text-align: justify;\">K\u00f6z\u00e9pkor\u00fa \u00e9s id\u0151sebb feln\u0151tteken a genetikai korosod\u00e1s \u00e9s a kr\u00f3nikus napf\u00e9ny \u00e1rtalom \/fotoaging \/hat\u00e1s\u00e1ra b\u0151r\u00fcnk megv\u00e1ltozik, \u00e1talakul. A b\u0151r sz\u00e1razabb, rugalmatlanabb, kev\u00e9sb\u00e9 hidrat\u00e1lt lesz, petyh\u00fcdt\u00e9 v\u00e1lik, kialakulnak a r\u00e1ncok, megjelennek a pigment foltok, \u00e9rt\u00e1gulatok, a b\u0151r\u00fcnk\u00f6n szaporodik a k\u00fcl\u00f6nb\u00f6z\u0151 j\u00f3indulat\u00fa b\u0151rn\u00f6ved\u00e9k sz\u00e1ma \u00e9s sajnos n\u00f6vekszik a rosszindulat\u00fa b\u0151rdaganatok, b\u0151rr\u00e1k kialakul\u00e1s\u00e1nak es\u00e9lye is.<\/p>\n<p style=\"text-align: justify;\">A j\u00f3indulat\u00fa b\u0151rn\u00f6ved\u00e9kek k\u00f6z\u00e9 tartoznak a t\u00f6rzs\u00f6n, v\u00e9gtagokon megjelen\u0151 h\u00e1mszem\u00f6lcs\u00f6k, az \u00fan. seborrhoe\u00e1s verruc\u00e1k, b\u0151rsz\u00edn\u0171, s\u00e1rg\u00e1s-barna, vagy ak\u00e1r fekete sz\u00edn\u0171 lapos vagy f\u00e9lg\u00f6mbszer\u0171en a b\u0151rb\u0151l el\u0151emelked\u0151 szarus elv\u00e1ltoz\u00e1sok.<\/p>\n<p style=\"text-align: justify;\">Ezek a h\u00e1mszem\u00f6lcs\u00f6k \u00e1rtalmatlanok, kozmetol\u00f3giai szempontb\u00f3l, azonban nagyon zavar\u00f3ak lehetnek. Sz\u00e1mos p\u00e1cienst zavarja a nyakon, h\u00f3naljakban, mellek alatt megjelen\u0151 b\u0151rsz\u00edn\u0171 vagy barna kocs\u00e1nyos n\u00f6ved\u00e9kek, \u00fan. fibr\u00f3m\u00e1k jelenl\u00e9te is.<\/p>\n<p>Jellemz\u0151en id\u0151sebb korban n\u0151 meg a f\u0151k\u00e9nt t\u00f6rzs\u00f6n szaporod\u00f3 v\u00f6r\u00f6s, rubin sz\u00edn\u0171 \u00e9rfoltok, \u00e9rn\u00f6ved\u00e9kek sz\u00e1ma is.<\/p>\n<p><strong>A b\u0151r\u00f6n megjelen\u0151 j\u00f3indulat\u00fa b\u0151rn\u00f6ved\u00e9keket t\u00f6bbf\u00e9le m\u00f3don el lehet t\u00e1vol\u00edttatni:<\/strong><\/p>\n<ul>\n<li>hagyom\u00e1nyos seb\u00e9szi kimetsz\u00e9ssel, b\u0151rseb\u00e9szet m\u00f3dszer\u00e9vel<\/li>\n<li>m\u00e9lyfagyaszt\u00e1ssal<\/li>\n<li>elektroseb\u00e9szeti r\u00e1diofrekvenci\u00e1s kauterrel<\/li>\n<\/ul>\n<p style=\"text-align: justify;\">B\u0151rgy\u00f3gy\u00e1szati mag\u00e1nrendel\u00e9s\u00fcnk\u00f6n, a b\u0151rgy\u00f3gy\u00e1szati konzult\u00e1ci\u00f3t k\u00f6vet\u0151en besz\u00e9lj\u00fck meg, hogy az \u00d6n eset\u00e9ben melyik m\u00f3dszerrel tan\u00e1csos b\u0151relv\u00e1ltoz\u00e1s elt\u00e1vol\u00edt\u00e1sa.<\/p>\n","protected":false},"excerpt":{"rendered":"<p>B\u0151rgy\u00f3gy\u00e1szati mag\u00e1nrendel\u00e9s\u00fcnk\u00f6n szem\u00f6lcs\u00f6k, fibr\u00f3m\u00e1k, j\u00f3indulat\u00fa b\u0151rf\u00fcggel\u00e9kek elt\u00e1vol\u00edt\u00e1s\u00e1ra is van lehet\u0151s\u00e9g! K\u00f6z\u00e9pkor\u00fa \u00e9s id\u0151sebb feln\u0151tteken a genetikai korosod\u00e1s \u00e9s a kr\u00f3nikus napf\u00e9ny \u00e1rtalom \/fotoaging \/hat\u00e1s\u00e1ra b\u0151r\u00fcnk megv\u00e1ltozik, \u00e1talakul. A b\u0151r sz\u00e1razabb, rugalmatlanabb, kev\u00e9sb\u00e9 hidrat\u00e1lt lesz, petyh\u00fcdt\u00e9 v\u00e1lik, kialakulnak a r\u00e1ncok, megjelennek a pigment foltok, \u00e9rt\u00e1gulatok, a b\u0151r\u00fcnk\u00f6n szaporodik a k\u00fcl\u00f6nb\u00f6z\u0151 j\u00f3indulat\u00fa b\u0151rn\u00f6ved\u00e9k sz\u00e1ma \u00e9s sajnos n\u00f6vekszik [&hellip;]<\/p>\n","protected":false},"author":1,"featured_media":0,"parent":0,"menu_order":0,"comment_status":"closed","ping_status":"closed","template":"","meta":{"footnotes":""},"class_list":["post-11","page","type-page","status-publish","czr-hentry"],"aioseo_notices":[],"_links":{"self":[{"href":"https:\/\/tridermis.hu\/index.php\/wp-json\/wp\/v2\/pages\/11","targetHints":{"allow":["GET"]}}],"collection":[{"href":"https:\/\/tridermis.hu\/index.php\/wp-json\/wp\/v2\/pages"}],"about":[{"href":"https:\/\/tridermis.hu\/index.php\/wp-json\/wp\/v2\/types\/page"}],"author":[{"embeddable":true,"href":"https:\/\/tridermis.hu\/index.php\/wp-json\/wp\/v2\/users\/1"}],"replies":[{"embeddable":true,"href":"https:\/\/tridermis.hu\/index.php\/wp-json\/wp\/v2\/comments?post=11"}],"version-history":[{"count":4,"href":"https:\/\/tridermis.hu\/index.php\/wp-json\/wp\/v2\/pages\/11\/revisions"}],"predecessor-version":[{"id":137,"href":"https:\/\/tridermis.hu\/index.php\/wp-json\/wp\/v2\/pages\/11\/revisions\/137"}],"wp:attachment":[{"href":"https:\/\/tridermis.hu\/index.php\/wp-json\/wp\/v2\/media?parent=11"}],"curies":[{"name":"wp","href":"https:\/\/api.w.org\/{rel}","templated":true}]}}